{"id":39216,"date":"2021-06-21T10:27:54","date_gmt":"2021-06-21T08:27:54","guid":{"rendered":"https:\/\/www.creads.com\/?post_type=creads_service&#038;p=39216"},"modified":"2022-03-08T18:42:13","modified_gmt":"2022-03-08T17:42:13","slug":"video-corporativo","status":"publish","type":"creads_service","link":"https:\/\/www.creads.com\/es\/creation-graphique\/video-corporativo\/","title":{"rendered":"Filmaci\u00f3n\/edici\u00f3n"},"content":{"rendered":"<section class=\"creads-block creads-service-hero\">\n  <div class=\"container\">\n    <div class=\"intro-container\">\n      <div class=\"creads-background ellipse-gradient\" style=\"background:linear-gradient(347deg, #85d904 -50%, rgba(62, 46, 202, 0) 60%);\"><svg width=\"1200\" height=\"371\" viewBox=\"0 0 1200 371\" fill=\"none\" preserveAspectRatio=\"none\" xmlns=\"http:\/\/www.w3.org\/2000\/svg\">\n\t<defs>\n    <mask id=\"hole\">\n      <rect x=\"0\" y=\"0\" width=\"100%\" height=\"100%\" fill=\"white\"\/>\n      <ellipse cx=\"600.001\" cy=\"-20.418\" rx=\"826\" ry=\"369.583\" fill=\"black\"\/>\n    <\/mask>\n  <\/defs>\n  <rect width=\"100%\" height=\"100%\" fill=\"#070043\" mask=\"url(#hole)\"\/>\n<\/svg><\/div>      <div class=\"title-container\">\n        <div class=\"nav-container\">\n          <a class=\"back-button\" href=\"https:\/\/www.creads.com\/es\/creacion-grafica\/\">Nuestros Servicios<\/a> &gt; <span class=\"service-label\">Filmaci\u00f3n\/edici\u00f3n<\/span>\n        <\/div>\n        <h1>CREA UN V\u00cdDEO CORPORATIVO PARA ALCANZAR TUS OBJETIVOS<\/h1>\n                <a class=\"icon\" href=\"https:\/\/www.creads.com\/es\/proyecto-diseno\/?f3=953\"><img decoding=\"async\" src=\"https:\/\/www.creads.com\/wp-content\/uploads\/2021\/01\/icon-play.svg\" alt=\"picto motion vid\u00e9o\" \/><\/a>\n              <\/div>\n    <\/div>\n    <p class=\"text\">Crea un v\u00eddeo corporativo para presentar tu actividad, resaltar un nuevo producto o cubrir un evento. Es la mejor forma de sorprender a tu p\u00fablico objetivo gracias a la emoci\u00f3n y al lado humano. Rod\u00e9ate de las personas adecuadas para tu proyecto gracias a los profesionales de CREADS. <\/p>\n    <div class=\"creads-buttons-container\"><a class=\"creads-button normal modal\" href=\"\" target=\"_blank\">Empezar ahora<\/a><div class=\"creads-button-modal mfp-hide\"><H2>CU\u00c9NTENOS SU PROYECTO<\/H2><!--[if lte IE 8]>\r\n<!--[if lte IE 8]>\r\n<script charset=\"utf-8\" type=\"text\/javascript\" src=\"\/\/js.hsforms.net\/forms\/v2-legacy.js\"><\/script>\r\n<![endif]-->\r\n<script charset=\"utf-8\" type=\"text\/javascript\" src=\"\/\/js.hsforms.net\/forms\/v2.js\"><\/script>\r\n<script>\r\n  hbspt.forms.create({\r\n\tregion: \"na1\",\r\n\tportalId: \"2887728\",\r\n\tformId: \"644859c6-69ed-4cde-b2cd-99d00431d7ae\"\r\n});\r\n<\/script><\/div><a class=\"creads-button white\" href=\"https:\/\/www.creads.com\/es\/proyecto-diseno\/?f3=953\">Ver nuestros trabajos<\/a><\/div>  <\/div>\n  <\/section>\n\n\n<section class=\"creads-block creads-service-offer\">\n  <div class=\"container\">\n        <div class=\"infos-container\">\n      <h3>Grabaci\u00f3n y edici\u00f3n de v\u00eddeo<\/h3>\n      <div class=\"text\"><p>Es necesario alimentar tu contenido de marca gracias a <strong>contenidos v\u00eddeo <\/strong>de calidad. La 1\u00aa etapa es aplicar tu know-how y tu identidad gracias a un v\u00eddeo con el fin de dinamizar tu p\u00e1gina web, alimentar tus redes sociales, apoyar una recaudaci\u00f3n de fondos o difundir una entrevista corporativa.<\/p>\n<p>Este es un servicio para crear un v\u00eddeo de presentaci\u00f3n en formato corto y contar una historia gracias a una intervenci\u00f3n filmada.<\/p>\n<p>M\u00e1s humano que una pel\u00edcula publicitaria, m\u00e1s r\u00e1pido que la producci\u00f3n cinematogr\u00e1fica, el clip corporativo permite ilustrar tu ADN gracias a la intervenci\u00f3n de tus trabajadores en tus instalaciones.<\/p>\n<p>\u00a1Nuestros mejores videastas est\u00e1n disponibles en toda Francia, a partir de 72 h tras tu solicitud!<\/p>\n<p><strong>El rodaje se realiza en el lugar que t\u00fa elijas con un videasta experto, equipado con material HD.<\/strong><\/p>\n<p>Tambi\u00e9n se ocupa de la postproducci\u00f3n para un v\u00eddeo corporativo que hable de ti: postproducci\u00f3n,\u00a0animaciones, motion design, montaje\u2026<\/p>\n<\/div>\n    <\/div>\n    <div class=\"right-container\"><div class=\"options-container\"><p class=\"name\">TARIFAS<\/p><p class=\"description\">A partir de 1.598 \u20ac impuestos no incluidos<\/p><p class=\"name\">EL SERVICIO INCLUYE<\/p><p class=\"description\">&#8211; Un asesor espec\u00edfico<br \/>\r\n&#8211; Rodaje y montaje<br \/>\r\n&#8211; Videasta presente durante 1 h<br \/>\r\n&#8211; Plan de las instalaciones, entrevista, evento&#8230;<br \/>\r\n&#8211; Montaje simple (intro logotipo, transici\u00f3n texto\u2026) o sofisticado con animaciones (texto, transiciones&#8230;)<br \/>\r\n&#8211; Duraci\u00f3n final del v\u00eddeo: Entre 1 y 2 minutos<br \/>\r\n&#8211; Varios \u00e1ngulos de visi\u00f3n<br \/>\r\n&#8211; Cobertura de eventos<\/p><\/div><a data-gallery=\"https:\/\/www.creads.com\/wp-content\/uploads\/2021\/03\/Spot-Generik.mp4\" class=\"link-container link-images is-video\"><div class=\"link-thumbnail\"><img decoding=\"async\" src=\"https:\/\/www.creads.com\/wp-content\/uploads\/2021\/04\/cover-bbhair.jpg\" alt=\"Tournage vid\u00e9o Generik\" \/><\/div><div class=\"link-text\"><span class=\"title\">GENERIK Paris<\/span><span class=\"cta\">Mira el video<\/span><\/div><\/a><div id=\"creation-video-4341\" class=\"creads-video-frame mfp-hide creads-video-creation-47164\"><video crossorigin=\"anonymous\" preload=\"none\" oncontextmenu=\"return false;\" controls><source src=\"https:\/\/www.creads.com\/wp-content\/uploads\/2021\/03\/Spot-Generik.mp4\" type=\"video\/mp4\" \/><\/video><\/div><a data-gallery=\"https:\/\/www.creads.com\/wp-content\/uploads\/2021\/02\/Exemple-de-vide\u0301o-dentreprise-avec-interview-Leetchi-1.mp4,https:\/\/www.creads.com\/wp-content\/uploads\/2021\/02\/LEETCHI-POT-DE-DEPART.mp4\" class=\"link-container link-images\"><div class=\"link-thumbnail\"><img decoding=\"async\" src=\"https:\/\/www.creads.com\/wp-content\/uploads\/2021\/04\/cover-leetchi.jpg\" alt=\"Vid\u00e9o Leetchi\" \/><\/div><div class=\"link-text\"><span class=\"title\">Leetchi<\/span><span class=\"cta\">Ver el proyecto<\/span><\/div><\/a><div id=\"creation-video-1875\" class=\"creads-video-frame mfp-hide creads-video-creation-47114\"><video crossorigin=\"anonymous\" preload=\"none\" oncontextmenu=\"return false;\" controls><source src=\"https:\/\/www.creads.com\/wp-content\/uploads\/2021\/02\/Exemple-de-vide\u0301o-dentreprise-avec-interview-Leetchi-1.mp4\" type=\"video\/mp4\" \/><\/video><\/div><div id=\"creation-video-1877\" class=\"creads-video-frame mfp-hide creads-video-creation-47114\"><video crossorigin=\"anonymous\" preload=\"none\" oncontextmenu=\"return false;\" controls><source src=\"https:\/\/www.creads.com\/wp-content\/uploads\/2021\/02\/LEETCHI-POT-DE-DEPART.mp4\" type=\"video\/mp4\" \/><\/video><\/div><\/div><div class=\"creads-buttons-container\"><a class=\"creads-button normal modal\" href=\"\" target=\"_blank\">Recibir presupuesto <\/a><div class=\"creads-button-modal mfp-hide\"><H2>CU\u00c9NTENOS SU PROYECTO<\/H2><!--[if lte IE 8]>\r\n<!--[if lte IE 8]>\r\n<script charset=\"utf-8\" type=\"text\/javascript\" src=\"\/\/js.hsforms.net\/forms\/v2-legacy.js\"><\/script>\r\n<![endif]-->\r\n<script charset=\"utf-8\" type=\"text\/javascript\" src=\"\/\/js.hsforms.net\/forms\/v2.js\"><\/script>\r\n<script>\r\n  hbspt.forms.create({\r\n\tregion: \"na1\",\r\n\tportalId: \"2887728\",\r\n\tformId: \"644859c6-69ed-4cde-b2cd-99d00431d7ae\"\r\n});\r\n<\/script><\/div><a class=\"creads-button dark\" href=\"https:\/\/www.creads.com\/es\/proyecto-diseno\/?f3=953\">Ver nuestros trabajos<\/a><\/div>  <\/div>\n<\/section>\n\n\n<section class=\"creads-block creads-steps\" style=\"background-color:#070142;\">\n  <div class=\"container white\">\n    <h2 class=\"steps-title\">LA SOLUCI\u00d3N CREADS<\/h2><p class=\"intro\">Encuentra el logotipo correcto para tu empresa gracias a una plataforma intuitiva.<\/p>    <div class=\"steps-container\">\n      <div class=\"step\"><div class=\"number\">1.<\/div><div class=\"line\"><\/div><p class=\"step-title\">Accede a tu espacio personal<\/p><p class=\"step-text\">En nuestra plataforma (gratuita y sin compromiso), podr\u00e1s solicitar los productos de tu elecci\u00f3n o enviar una solicitud espec\u00edfica.<\/p><\/div><div class=\"step\"><div class=\"number\">2.<\/div><div class=\"line\"><\/div><p class=\"step-title\">Gestiona tus proyectos simult\u00e1neamente<\/p><p class=\"step-text\">Anota las creaciones recibidas e interact\u00faa con el creativo seleccionado para ti y tu jefe de proyecto, en directo en nuestra plataforma.<\/p><\/div><div class=\"step\"><div class=\"number\">3.<\/div><div class=\"line\"><\/div><p class=\"step-title\">Consigue r\u00e1pidamente tu creaci\u00f3n<\/p><p class=\"step-text\">Obtendr\u00e1s el archivo de origen de tu logotipo en los plazos fijados, con cesi\u00f3n de los derechos de autor, para utilizarlo inmediatamente.<\/p><\/div>    <\/div>\n  <\/div>\n<\/section>\n\n<section class=\"creads-block creads-text-image\" style=\"background-color:#ffffff;\">\n  <div class=\"container black\">\n    <div class=\"text-container\">\n      <h2>\u00bfEN QU\u00c9 NOS DIFERENCIAMOS? <br \/>\r\nUN ACOMPA\u00d1AMIENTO<br \/>\r\nPOR UN JEFE DE PROYECTO ESPEC\u00cdFICO<br \/>\r\n<\/h2>\n      <div class=\"text\"><p>En Creads, desde la redacci\u00f3n del briefing creativo, contar\u00e1s con el apoyo de un jefe de proyecto espec\u00edfico. Seleccionar\u00e1 por ti al mejor creativo y garantizar\u00e1 el correcto desarrollo del proyecto, etapa a etapa. Benef\u00edciate de sus consejos y de una metodolog\u00eda \u00fanica gracias a nuestra plataforma. \u00a1L\u00e1nzate y gana tiempo en la gesti\u00f3n de tus proyectos creativos!<\/p>\n<\/div>\n      <div class=\"creads-buttons-container\"><a class=\"creads-button normal modal\" href=\"\" target=\"_blank\">Recibir propuesta<\/a><div class=\"creads-button-modal mfp-hide\"><H2>CU\u00c9NTENOS SU PROYECTO<\/H2><!--[if lte IE 8]>\r\n<!--[if lte IE 8]>\r\n<script charset=\"utf-8\" type=\"text\/javascript\" src=\"\/\/js.hsforms.net\/forms\/v2-legacy.js\"><\/script>\r\n<![endif]-->\r\n<script charset=\"utf-8\" type=\"text\/javascript\" src=\"\/\/js.hsforms.net\/forms\/v2.js\"><\/script>\r\n<script>\r\n  hbspt.forms.create({\r\n\tregion: \"na1\",\r\n\tportalId: \"2887728\",\r\n\tformId: \"644859c6-69ed-4cde-b2cd-99d00431d7ae\"\r\n});\r\n<\/script><\/div><\/div>    <\/div>\n    <img decoding=\"async\" srcset=\"https:\/\/www.creads.com\/wp-content\/uploads\/2021\/01\/creads-difference-accompagnement-chef-de-projet-mobile.jpg 750w, https:\/\/www.creads.com\/wp-content\/uploads\/2021\/01\/creads-difference-accompagnement-chef-de-projet.jpg 2000w\" sizes=\"(max-width: 1000px) 1px, 100vw\" src=\"https:\/\/www.creads.com\/wp-content\/uploads\/2021\/01\/creads-difference-accompagnement-chef-de-projet.jpg\" alt=\"Accompagnement chef de projet\" \/>\n  <\/div>\n<\/section>\n\n<section class=\"creads-block creads-faq\" style=\"background-color:#f4f4f4;\">\n  <div class=\"container black\">\n    <h2>PREGUNTAS FRECUENTES<\/h2>\n    <div class=\"questions-container\">\n      <div class=\"question-container\"><p class=\"question\">\u00bfQu\u00e9 es un v\u00eddeo corporativo?<\/p><p class=\"answer\">Es un v\u00eddeo corto que escenifica una empresa, la historia de una marca, de sus fundadores o un elemento de storytelling que deseas destacar. Da la palabra a los trabajadores de una empresa y presenta su entorno de trabajo.<\/p><\/div><div class=\"question-container\"><p class=\"question\">\u00bfPor qu\u00e9 crear un v\u00eddeo corporativo?<\/p><p class=\"answer\">Es una herramienta clave en tu estrategia de comunicaci\u00f3n audiovisual, responde a objetivos comerciales (conversi\u00f3n), desarrolla tu notoriedad (visibilidad en las redes sociales), da una imagen humana y acogedora de tu empresa (elemento tranquilizador en tu p\u00e1gina web, toma de la palabra de los trabajadores) y valora un evento. <\/p><\/div><div class=\"question-container\"><p class=\"question\">\u00bfC\u00f3mo preparar un v\u00eddeo de entrevistas?<\/p><p class=\"answer\">Existen algunas normas b\u00e1sicas: identificar previamente a las personas entrevistadas, preparar las preguntas Y las respuestas, favorecer las preguntas abiertas para abrir el debate y no dudar en solicitar la experiencia y los consejos de tu jefe de proyecto de CREADS.<\/p><\/div><div class=\"question-container\"><p class=\"question\">\u00bfQu\u00e9 material se necesita?<\/p><p class=\"answer\">En general, para web, basta con el full HD. Es preferible la 4k para las pel\u00edculas cinematogr\u00e1ficas. Los videastas de CREADS est\u00e1n equipados con el material necesario (c\u00e1mara de fotos, c\u00e1mara de v\u00eddeo&#8230;). Presta atenci\u00f3n a la iluminaci\u00f3n: es preferible la luz natural, pero la luz artificial tambi\u00e9n puede compensar una falta de luminosidad.<\/p><\/div>    <\/div>\n  <\/div>\n<\/section>\n\n<section class=\"creads-block creads-image\" style=\"background-color:#ffffff;\">\n  <div class=\"container black\">\n    <h2 class=\"image-title\">CONF\u00cdAN EN NOSOTROS<\/h2>    <img decoding=\"async\" srcset=\"https:\/\/www.creads.com\/wp-content\/uploads\/2021\/01\/clients-mobile.png 750w, https:\/\/www.creads.com\/wp-content\/uploads\/2021\/01\/clients-desktop.png 2000w\" sizes=\"(max-width: 1000px) 1px, 100vw\" src=\"https:\/\/www.creads.com\/wp-content\/uploads\/2021\/01\/clients-desktop.png\" alt=\"Liste logo client\" \/>\n  <\/div>\n<\/section>\n\n<section class=\"creads-block creads-banner background-color\" style=\"background-color:#3e2eca;\">\n    <div class=\"container white\">\n    <h3 class=\"banner-title\">\u00a1Conf\u00eda en nuestros expertos para la creaci\u00f3n de tu video corporativo!<\/h3><div class=\"creads-buttons-container\"><a class=\"creads-button white modal\" href=\"\" target=\"_blank\">Empezar ahora<\/a><div class=\"creads-button-modal mfp-hide\"><H2>CU\u00c9NTENOS SU PROYECTO<\/H2><!--[if lte IE 8]>\r\n<!--[if lte IE 8]>\r\n<script charset=\"utf-8\" type=\"text\/javascript\" src=\"\/\/js.hsforms.net\/forms\/v2-legacy.js\"><\/script>\r\n<![endif]-->\r\n<script charset=\"utf-8\" type=\"text\/javascript\" src=\"\/\/js.hsforms.net\/forms\/v2.js\"><\/script>\r\n<script>\r\n  hbspt.forms.create({\r\n\tregion: \"na1\",\r\n\tportalId: \"2887728\",\r\n\tformId: \"644859c6-69ed-4cde-b2cd-99d00431d7ae\"\r\n});\r\n<\/script><\/div><\/div>  <\/div>\n<\/section>","protected":false},"template":"","class_list":["post-39216","creads_service","type-creads_service","status-publish","hentry"],"yoast_head":"<!-- This site is optimized with the Yoast SEO plugin v23.8 - https:\/\/yoast.com\/wordpress\/plugins\/seo\/ -->\n<title>Video Corporativo - CREADS<\/title>\n<meta name=\"description\" content=\"Crea un v\u00eddeo corporativo para presentar tu actividad, resaltar un nuevo producto o cubrir un evento con CREADS.\" \/>\n<meta name=\"robots\" content=\"index, follow, max-snippet:-1, max-image-preview:large, max-video-preview:-1\" \/>\n<link rel=\"canonical\" href=\"https:\/\/www.creads.com\/es\/creation-graphique\/video-corporativo\/\" \/>\n<meta property=\"og:locale\" content=\"es_ES\" \/>\n<meta property=\"og:type\" content=\"article\" \/>\n<meta property=\"og:title\" content=\"Video Corporativo - CREADS\" \/>\n<meta property=\"og:description\" content=\"Crea un v\u00eddeo corporativo para presentar tu actividad, resaltar un nuevo producto o cubrir un evento con CREADS.\" \/>\n<meta property=\"og:url\" content=\"https:\/\/www.creads.com\/es\/creation-graphique\/video-corporativo\/\" \/>\n<meta property=\"og:site_name\" content=\"CREADS\" \/>\n<meta property=\"article:publisher\" content=\"https:\/\/fr-fr.facebook.com\/creads\/\" \/>\n<meta property=\"article:modified_time\" content=\"2022-03-08T17:42:13+00:00\" \/>\n<meta property=\"og:image\" content=\"https:\/\/www.creads.com\/wp-content\/uploads\/2021\/02\/page-video.png\" \/>\n<meta name=\"twitter:card\" content=\"summary_large_image\" \/>\n<meta name=\"twitter:title\" content=\"Video Corporativo - CREADS\" \/>\n<meta name=\"twitter:description\" content=\"Crea un v\u00eddeo corporativo para presentar tu actividad, resaltar un nuevo producto o cubrir un evento con CREADS.\" \/>\n<meta name=\"twitter:image\" content=\"https:\/\/www.creads.com\/wp-content\/uploads\/2021\/02\/page-video.png\" \/>\n<meta name=\"twitter:site\" content=\"@creads\" \/>\n<script type=\"application\/ld+json\" class=\"yoast-schema-graph\">{\"@context\":\"https:\/\/schema.org\",\"@graph\":[{\"@type\":\"WebPage\",\"@id\":\"https:\/\/www.creads.com\/es\/creation-graphique\/video-corporativo\/\",\"url\":\"https:\/\/www.creads.com\/es\/creation-graphique\/video-corporativo\/\",\"name\":\"Video Corporativo - CREADS\",\"isPartOf\":{\"@id\":\"https:\/\/www.creads.com\/#website\"},\"datePublished\":\"2021-06-21T08:27:54+00:00\",\"dateModified\":\"2022-03-08T17:42:13+00:00\",\"description\":\"Crea un v\u00eddeo corporativo para presentar tu actividad, resaltar un nuevo producto o cubrir un evento con CREADS.\",\"breadcrumb\":{\"@id\":\"https:\/\/www.creads.com\/es\/creation-graphique\/video-corporativo\/#breadcrumb\"},\"inLanguage\":\"es\",\"potentialAction\":[{\"@type\":\"ReadAction\",\"target\":[\"https:\/\/www.creads.com\/es\/creation-graphique\/video-corporativo\/\"]}]},{\"@type\":\"BreadcrumbList\",\"@id\":\"https:\/\/www.creads.com\/es\/creation-graphique\/video-corporativo\/#breadcrumb\",\"itemListElement\":[{\"@type\":\"ListItem\",\"position\":1,\"name\":\"Creads\",\"item\":\"https:\/\/www.creads.com\/es\/\"},{\"@type\":\"ListItem\",\"position\":2,\"name\":\"Filmaci\u00f3n\/edici\u00f3n\"}]},{\"@type\":\"WebSite\",\"@id\":\"https:\/\/www.creads.com\/#website\",\"url\":\"https:\/\/www.creads.com\/\",\"name\":\"CREADS\",\"description\":\"\",\"publisher\":{\"@id\":\"https:\/\/www.creads.com\/#organization\"},\"potentialAction\":[{\"@type\":\"SearchAction\",\"target\":{\"@type\":\"EntryPoint\",\"urlTemplate\":\"https:\/\/www.creads.com\/?s={search_term_string}\"},\"query-input\":{\"@type\":\"PropertyValueSpecification\",\"valueRequired\":true,\"valueName\":\"search_term_string\"}}],\"inLanguage\":\"es\"},{\"@type\":\"Organization\",\"@id\":\"https:\/\/www.creads.com\/#organization\",\"name\":\"Creads\",\"url\":\"https:\/\/www.creads.com\/\",\"logo\":{\"@type\":\"ImageObject\",\"inLanguage\":\"es\",\"@id\":\"https:\/\/www.creads.com\/#\/schema\/logo\/image\/\",\"url\":\"https:\/\/www.creads.com\/wp-content\/uploads\/2021\/06\/Logo-Creads-Baseline-Noir.png\",\"contentUrl\":\"https:\/\/www.creads.com\/wp-content\/uploads\/2021\/06\/Logo-Creads-Baseline-Noir.png\",\"width\":6487,\"height\":2611,\"caption\":\"Creads\"},\"image\":{\"@id\":\"https:\/\/www.creads.com\/#\/schema\/logo\/image\/\"},\"sameAs\":[\"https:\/\/fr-fr.facebook.com\/creads\/\",\"https:\/\/x.com\/creads\",\"https:\/\/www.instagram.com\/creads\/\",\"https:\/\/fr.linkedin.com\/company\/creads\",\"https:\/\/www.pinterest.fr\/agencecreads\/\"]}]}<\/script>\n<!-- \/ Yoast SEO plugin. -->","yoast_head_json":{"title":"Video Corporativo - CREADS","description":"Crea un v\u00eddeo corporativo para presentar tu actividad, resaltar un nuevo producto o cubrir un evento con CREADS.","robots":{"index":"index","follow":"follow","max-snippet":"max-snippet:-1","max-image-preview":"max-image-preview:large","max-video-preview":"max-video-preview:-1"},"canonical":"https:\/\/www.creads.com\/es\/creation-graphique\/video-corporativo\/","og_locale":"es_ES","og_type":"article","og_title":"Video Corporativo - CREADS","og_description":"Crea un v\u00eddeo corporativo para presentar tu actividad, resaltar un nuevo producto o cubrir un evento con CREADS.","og_url":"https:\/\/www.creads.com\/es\/creation-graphique\/video-corporativo\/","og_site_name":"CREADS","article_publisher":"https:\/\/fr-fr.facebook.com\/creads\/","article_modified_time":"2022-03-08T17:42:13+00:00","og_image":[{"url":"https:\/\/www.creads.com\/wp-content\/uploads\/2021\/02\/page-video.png"}],"twitter_card":"summary_large_image","twitter_title":"Video Corporativo - CREADS","twitter_description":"Crea un v\u00eddeo corporativo para presentar tu actividad, resaltar un nuevo producto o cubrir un evento con CREADS.","twitter_image":"https:\/\/www.creads.com\/wp-content\/uploads\/2021\/02\/page-video.png","twitter_site":"@creads","schema":{"@context":"https:\/\/schema.org","@graph":[{"@type":"WebPage","@id":"https:\/\/www.creads.com\/es\/creation-graphique\/video-corporativo\/","url":"https:\/\/www.creads.com\/es\/creation-graphique\/video-corporativo\/","name":"Video Corporativo - CREADS","isPartOf":{"@id":"https:\/\/www.creads.com\/#website"},"datePublished":"2021-06-21T08:27:54+00:00","dateModified":"2022-03-08T17:42:13+00:00","description":"Crea un v\u00eddeo corporativo para presentar tu actividad, resaltar un nuevo producto o cubrir un evento con CREADS.","breadcrumb":{"@id":"https:\/\/www.creads.com\/es\/creation-graphique\/video-corporativo\/#breadcrumb"},"inLanguage":"es","potentialAction":[{"@type":"ReadAction","target":["https:\/\/www.creads.com\/es\/creation-graphique\/video-corporativo\/"]}]},{"@type":"BreadcrumbList","@id":"https:\/\/www.creads.com\/es\/creation-graphique\/video-corporativo\/#breadcrumb","itemListElement":[{"@type":"ListItem","position":1,"name":"Creads","item":"https:\/\/www.creads.com\/es\/"},{"@type":"ListItem","position":2,"name":"Filmaci\u00f3n\/edici\u00f3n"}]},{"@type":"WebSite","@id":"https:\/\/www.creads.com\/#website","url":"https:\/\/www.creads.com\/","name":"CREADS","description":"","publisher":{"@id":"https:\/\/www.creads.com\/#organization"},"potentialAction":[{"@type":"SearchAction","target":{"@type":"EntryPoint","urlTemplate":"https:\/\/www.creads.com\/?s={search_term_string}"},"query-input":{"@type":"PropertyValueSpecification","valueRequired":true,"valueName":"search_term_string"}}],"inLanguage":"es"},{"@type":"Organization","@id":"https:\/\/www.creads.com\/#organization","name":"Creads","url":"https:\/\/www.creads.com\/","logo":{"@type":"ImageObject","inLanguage":"es","@id":"https:\/\/www.creads.com\/#\/schema\/logo\/image\/","url":"https:\/\/www.creads.com\/wp-content\/uploads\/2021\/06\/Logo-Creads-Baseline-Noir.png","contentUrl":"https:\/\/www.creads.com\/wp-content\/uploads\/2021\/06\/Logo-Creads-Baseline-Noir.png","width":6487,"height":2611,"caption":"Creads"},"image":{"@id":"https:\/\/www.creads.com\/#\/schema\/logo\/image\/"},"sameAs":["https:\/\/fr-fr.facebook.com\/creads\/","https:\/\/x.com\/creads","https:\/\/www.instagram.com\/creads\/","https:\/\/fr.linkedin.com\/company\/creads","https:\/\/www.pinterest.fr\/agencecreads\/"]}]}},"meta_box":[],"_links":{"self":[{"href":"https:\/\/www.creads.com\/es\/wp-json\/wp\/v2\/creads_service\/39216"}],"collection":[{"href":"https:\/\/www.creads.com\/es\/wp-json\/wp\/v2\/creads_service"}],"about":[{"href":"https:\/\/www.creads.com\/es\/wp-json\/wp\/v2\/types\/creads_service"}],"version-history":[{"count":11,"href":"https:\/\/www.creads.com\/es\/wp-json\/wp\/v2\/creads_service\/39216\/revisions"}],"predecessor-version":[{"id":68099,"href":"https:\/\/www.creads.com\/es\/wp-json\/wp\/v2\/creads_service\/39216\/revisions\/68099"}],"wp:attachment":[{"href":"https:\/\/www.creads.com\/es\/wp-json\/wp\/v2\/media?parent=39216"}],"curies":[{"name":"wp","href":"https:\/\/api.w.org\/{rel}","templated":true}]}}